{"id":6226,"date":"2023-09-18T23:59:20","date_gmt":"2023-09-18T21:59:20","guid":{"rendered":"https:\/\/faceessonne.fr\/index.php\/mentions-legales-2\/"},"modified":"2023-09-19T00:06:12","modified_gmt":"2023-09-18T22:06:12","slug":"mentions-legales","status":"publish","type":"page","link":"https:\/\/faceessonne.fr\/index.php\/mentions-legales\/","title":{"rendered":"Mentions l\u00e9gales"},"content":{"rendered":"\r\n\r\n\r\n<h4 class=\"wp-block-heading\">ARTICLE 1 : L\u2019\u00e9diteur<\/h4>\r\n\r\n\r\n\r\n<p>L\u2019\u00e9dition et la direction de la publication du site<strong><a title=\"\" href=\"https:\/\/faceessonne.fr\" target=\"_blank\" rel=\"noopener\"> www.faceessonne.fr<\/a><\/strong><\/p>\r\n\r\n\r\n\r\n<p><strong>FACE Paris-Saclay (Association loi 1901)<\/strong><\/p>\r\n\r\n\r\n\r\n<p>15, Avenue de Norv\u00e8ge 91140 Villebon-sur-Yvette<\/p>\r\n\r\n\r\n\r\n<p><strong>Directeur de publication\u00a0: <\/strong>Franck Lochert<\/p>\r\n\r\n\r\n\r\n<p>T\u00e9l. 01 60 92 41 01<\/p>\r\n\r\n\r\n\r\n<p>E-mail. <a title=\"\" href=\"mailto:paris-saclay@fondationface.org\">paris-saclay@fondationface.org<\/a><\/p>\r\n\r\n\r\n\r\n<h4 class=\"wp-block-heading\">ARTICLE 2 : H\u00e9bergement et cr\u00e9ation<\/h4>\r\n\r\n\r\n\r\n<p><strong>H\u00e9bergement:<\/strong><\/p>\r\n\r\n\r\n\r\n<p><strong>\u00a0OVH,\u00a0<\/strong><\/p>\r\n\r\n\r\n\r\n<p>SAS au capital de 10 069 020 \u20ac<br \/>RCS Lille M\u00e9tropole 424 761 419 00045<br \/>Code APE 2620Z<br \/>N\u00b0 TVA : FR 22 424 761 419<br \/>Si\u00e8ge social : 2 rue Kellermann \u2013 59100 ROUBAIX \u2013 France<\/p>\r\n\r\n\r\n\r\n<p>OVH SAS est une filiale de la soci\u00e9t\u00e9 OVH Groupe SAS, soci\u00e9t\u00e9 immatricul\u00e9e au RCS de Lille sous le num\u00e9ro 537 407 926 sise 2, rue Kellermann, 59100 ROUBAIX.<\/p>\r\n\r\n\r\n\r\n<p><strong>Cr\u00e9ation graphique et d\u00e9veloppement :<\/strong><\/p>\r\n\r\n\r\n\r\n<p><strong>BEAU BOULOT EDWARD,<\/strong><\/p>\r\n\r\n\r\n\r\n<p><a href=\"http:\/\/www.bbe-communication.com\/\">www.bbe-communication.com<\/a><\/p>\r\n\r\n\r\n\r\n<p><a title=\"\" href=\"mailto:julien@bbe-communication.com\">julien@bbe-communication.com<\/a><\/p>\r\n\r\n\r\n\r\n<h4 class=\"wp-block-heading\">ARTICLE 3 : Acc\u00e8s au site<\/h4>\r\n\r\n\r\n\r\n<p>Le site est accessible par tout endroit, 7j\/7, 24h\/24 sauf cas de force majeure, interruption programm\u00e9e ou non et pouvant d\u00e9coulant d\u2019une n\u00e9cessit\u00e9 de maintenance.<\/p>\r\n\r\n\r\n\r\n<p>En cas de modification, interruption ou suspension des services le site\u00a0<strong><strong><a title=\"\" href=\"https:\/\/faceessonne.fr\" target=\"_blank\" rel=\"noopener\">www.faceessonne.fr<\/a><\/strong>\u00a0<\/strong>ne saurait \u00eatre tenu responsable.<\/p>\r\n\r\n\r\n\r\n<h4 class=\"wp-block-heading\">ARTICLE 4 : Propri\u00e9t\u00e9 intellectuelle<\/h4>\r\n\r\n\r\n\r\n<p>Toute utilisation, reproduction, diffusion, commercialisation, modification de toute ou partie du site <strong><a title=\"\" href=\"https:\/\/faceessonne.fr\" target=\"_blank\" rel=\"noopener\">www.faceessonne.fr<\/a><\/strong>, sans autorisation de l\u2019Editeur est prohib\u00e9e et pourra entra\u00een\u00e9e des actions et poursuites judiciaires telles que notamment pr\u00e9vues par le Code de la propri\u00e9t\u00e9 intellectuelle et le Code civil.<\/p>\r\n","protected":false},"excerpt":{"rendered":"<p>ARTICLE 1 : L\u2019\u00e9diteur L\u2019\u00e9dition et la direction de la publication du site www.faceessonne.fr FACE Paris-Saclay (Association loi 1901) 15, Avenue de Norv\u00e8ge 91140 Villebon-sur-Yvette Directeur de publication\u00a0: Franck Lochert&#8230;<\/p>\n","protected":false},"author":1,"featured_media":0,"parent":0,"menu_order":0,"comment_status":"closed","ping_status":"open","template":"","meta":{"_monsterinsights_skip_tracking":false,"_monsterinsights_sitenote_active":false,"_monsterinsights_sitenote_note":"","_monsterinsights_sitenote_category":0,"footnotes":""},"class_list":["post-6226","page","type-page","status-publish"],"aioseo_notices":[],"_links":{"self":[{"href":"https:\/\/faceessonne.fr\/index.php\/wp-json\/wp\/v2\/pages\/6226","targetHints":{"allow":["GET"]}}],"collection":[{"href":"https:\/\/faceessonne.fr\/index.php\/wp-json\/wp\/v2\/pages"}],"about":[{"href":"https:\/\/faceessonne.fr\/index.php\/wp-json\/wp\/v2\/types\/page"}],"author":[{"embeddable":true,"href":"https:\/\/faceessonne.fr\/index.php\/wp-json\/wp\/v2\/users\/1"}],"replies":[{"embeddable":true,"href":"https:\/\/faceessonne.fr\/index.php\/wp-json\/wp\/v2\/comments?post=6226"}],"version-history":[{"count":1,"href":"https:\/\/faceessonne.fr\/index.php\/wp-json\/wp\/v2\/pages\/6226\/revisions"}],"predecessor-version":[{"id":6231,"href":"https:\/\/faceessonne.fr\/index.php\/wp-json\/wp\/v2\/pages\/6226\/revisions\/6231"}],"wp:attachment":[{"href":"https:\/\/faceessonne.fr\/index.php\/wp-json\/wp\/v2\/media?parent=6226"}],"curies":[{"name":"wp","href":"https:\/\/api.w.org\/{rel}","templated":true}]}}